{"id":2882,"date":"2022-06-13T16:08:25","date_gmt":"2022-06-13T14:08:25","guid":{"rendered":"http:\/\/pepason.fr\/?page_id=2882"},"modified":"2023-09-28T10:09:13","modified_gmt":"2023-09-28T08:09:13","slug":"la-tournee","status":"publish","type":"page","link":"https:\/\/pepason.fr\/?page_id=2882","title":{"rendered":"La Tourn\u00e9e"},"content":{"rendered":"\t\t<div data-elementor-type=\"wp-page\" data-elementor-id=\"2882\" class=\"elementor elementor-2882\">\n\t\t\t\t\t\t<div class=\"elementor-inner\">\n\t\t\t\t<div class=\"elementor-section-wrap\">\n\t\t\t\t\t\t\t\t\t<section class=\"elementor-section elementor-top-section elementor-element elementor-element-60c2f08 elementor-section-boxed elementor-section-height-default elementor-section-height-default\" data-id=\"60c2f08\" data-element_type=\"section\">\n\t\t\t\t\t\t<div class=\"elementor-container elementor-column-gap-default\">\n\t\t\t\t\t\t\t<div class=\"elementor-row\">\n\t\t\t\t\t<div class=\"elementor-column elementor-col-100 elementor-top-column elementor-element elementor-element-814c23e\" data-id=\"814c23e\" data-element_type=\"column\">\n\t\t\t<div class=\"elementor-column-wrap elementor-element-populated\">\n\t\t\t\t\t\t\t<div class=\"elementor-widget-wrap\">\n\t\t\t\t\t\t<div class=\"elementor-element elementor-element-84b45c0 elementor-widget elementor-widget-heading\" data-id=\"84b45c0\" data-element_type=\"widget\" data-widget_type=\"heading.default\">\n\t\t\t\t<div class=\"elementor-widget-container\">\n\t\t\t<h2 class=\"elementor-heading-title elementor-size-default\">Balades sonores<\/h2>\t\t<\/div>\n\t\t\t\t<\/div>\n\t\t\t\t<div class=\"elementor-element elementor-element-29d2c37 elementor-widget elementor-widget-text-editor\" data-id=\"29d2c37\" data-element_type=\"widget\" data-widget_type=\"text-editor.default\">\n\t\t\t\t<div class=\"elementor-widget-container\">\n\t\t\t\t\t\t\t\t<div class=\"elementor-text-editor elementor-clearfix\">\n\t\t\t\t<p>Les membres du collectif PePaSon exp\u00e9rimentent pour la plupart, \u00e0 leur mani\u00e8re, la promenade sonore. En tant qu&#8217;association nous souhaitons faire conna\u00eetre ce champs de pratiques et en r\u00e9v\u00e9ler la diversit\u00e9. Pour ce faire nous organisons notamment un festival permanent et nomade intitul\u00e9 : &#8220;<strong>La tourn\u00e9e des balades sonores&#8221;<\/strong><\/p>\t\t\t\t\t<\/div>\n\t\t\t\t\t\t<\/div>\n\t\t\t\t<\/div>\n\t\t\t\t<div class=\"elementor-element elementor-element-9f47182 elementor-widget elementor-widget-text-editor\" data-id=\"9f47182\" data-element_type=\"widget\" data-widget_type=\"text-editor.default\">\n\t\t\t\t<div class=\"elementor-widget-container\">\n\t\t\t\t\t\t\t\t<div class=\"elementor-text-editor elementor-clearfix\">\n\t\t\t\t<p>Notre protocole est le suivant : Sur chaque territoire, deux artistes locaux sont invit\u00e9.e.s \u00e0 collaborer afin de proposer aux publics un duo articul\u00e9 de balades sonores. Notre association \u0153uvre de mani\u00e8re \u00e0 y convier les structures des arts sonores et de l&#8217;\u00e9ducation populaire \/ \u00e0 l&#8217;environnement \/ culturelles et artistiques locales afin de cr\u00e9er des liens fertiles <em>in situ<\/em>, entre les acteurices du terrioire. Nous documentons les balades (son, images, textes, fragments et t\u00e9moignages) et publions a posteriori des articles multim\u00e9dias sur le site de l&#8217;association. accompagnons leur design dans une perspective de partage des savoirs et savoir-faire avec les participant.e.s. Ainsi, chaque balade est suivie d&#8217;un temps d&#8217;\u00e9change sur sa &#8220;p\u00e9dagogie&#8221; avec le public afin d&#8217;interroger ses formes et son pouvoir transformateur.<\/p><p>Les enjeux de cette manifestation sont multiples selon les prismes et acteurs envisag\u00e9s :<\/p><ul><li><i>Documenter la diversit\u00e9 des pratiques de balade sonore au prisme de leurs &#8220;p\u00e9dagogies&#8221;<\/i><\/li><li><i> Cr\u00e9er de la rencontre et des liens sur les territoires entre des acteurs des mondes des arts, des recherches, des \u00e9ducations populaires<\/i><\/li><li><i> Sensibiliser \u00e0 la dimension sonore de notre environnement par la pratique et favoriser un partage des savoir-faire qui permette \u00e0 toutes et \u00e0 tous de s&#8217;en saisir activement<\/i><\/li><\/ul>\t\t\t\t\t<\/div>\n\t\t\t\t\t\t<\/div>\n\t\t\t\t<\/div>\n\t\t\t\t<div class=\"elementor-element elementor-element-650a7af elementor-widget elementor-widget-heading\" data-id=\"650a7af\" data-element_type=\"widget\" data-widget_type=\"heading.default\">\n\t\t\t\t<div class=\"elementor-widget-container\">\n\t\t\t<h4 class=\"elementor-heading-title elementor-size-default\">Balades r\u00e9alis\u00e9es 2022-2023<\/h4>\t\t<\/div>\n\t\t\t\t<\/div>\n\t\t\t\t<div class=\"elementor-element elementor-element-846e039 elementor-widget elementor-widget-toggle\" data-id=\"846e039\" data-element_type=\"widget\" data-widget_type=\"toggle.default\">\n\t\t\t\t<div class=\"elementor-widget-container\">\n\t\t\t\t\t<div class=\"elementor-toggle\" role=\"tablist\">\n\t\t\t\t\t\t\t<div class=\"elementor-toggle-item\">\n\t\t\t\t\t<div id=\"elementor-tab-title-1381\" class=\"elementor-tab-title\" data-tab=\"1\" role=\"tab\" aria-controls=\"elementor-tab-content-1381\" aria-expanded=\"false\">\n\t\t\t\t\t\t\t\t\t\t\t\t<span class=\"elementor-toggle-icon elementor-toggle-icon-left\" aria-hidden=\"true\">\n\t\t\t\t\t\t\t\t\t\t\t\t\t\t\t<span class=\"elementor-toggle-icon-closed\"><i class=\"fas fa-caret-right\"><\/i><\/span>\n\t\t\t\t\t\t\t\t<span class=\"elementor-toggle-icon-opened\"><i class=\"elementor-toggle-icon-opened fas fa-caret-up\"><\/i><\/span>\n\t\t\t\t\t\t\t\t\t\t\t\t\t<\/span>\n\t\t\t\t\t\t\t\t\t\t\t\t<a href=\"\" class=\"elementor-toggle-title\">LYON - 11\/06\/2022 - Desartsonnants ft. Arthur Enguehard<\/a>\n\t\t\t\t\t<\/div>\n\n\t\t\t\t\t<div id=\"elementor-tab-content-1381\" class=\"elementor-tab-content elementor-clearfix\" data-tab=\"1\" role=\"tabpanel\" aria-labelledby=\"elementor-tab-title-1381\"><p><span style=\"text-decoration: underline;\"><strong>Lyon \u00e0 l&#8217;\u00e9coute<\/strong><\/span><\/p><p>Nos deux guides du jour, Arthur Enguehard et Gilles Malatray (aka Desartsonnant) mettront en collaboration leurs deux pratiques et quatre oreilles au service d\u2019une approche sensible et ludique des espaces. Prenant la forme d\u2019une marche-\u00e9coute tant\u00f4t d\u00e9ambulante, tant\u00f4t fixe, \u00e0 oreilles nues et loin de toute forme de connectivit\u00e9 ultramoderne, nous feront place au(x) corps et \u00e0 une d\u00e9marche m\u00e9ditative.<\/p><p><span style=\"text-decoration: underline;\">Lieu<\/span> : D\u00e9part \u00e0 10H de la statue au centre de la Place Carnot (Nord de la gare Perrache) &#8211; Fin : MJC Confluence<\/p><p><span style=\"text-decoration: underline;\">Date\u00a0et horaires<\/span> : Samedi 11 juin 2022 de 10H \u00e0 12H30<\/p><p><span style=\"text-decoration: underline;\">Inscriptions<\/span> : 15 places \u2013 Lien : <a href=\"https:\/\/www.helloasso.com\/associations\/pepason\/evenements\/balade-sonore-perrache-lyon-samedi-11-juin\">Inscriptions<\/a><u><\/u><\/p><\/div>\n\t\t\t\t<\/div>\n\t\t\t\t\t\t\t<div class=\"elementor-toggle-item\">\n\t\t\t\t\t<div id=\"elementor-tab-title-1382\" class=\"elementor-tab-title\" data-tab=\"2\" role=\"tab\" aria-controls=\"elementor-tab-content-1382\" aria-expanded=\"false\">\n\t\t\t\t\t\t\t\t\t\t\t\t<span class=\"elementor-toggle-icon elementor-toggle-icon-left\" aria-hidden=\"true\">\n\t\t\t\t\t\t\t\t\t\t\t\t\t\t\t<span class=\"elementor-toggle-icon-closed\"><i class=\"fas fa-caret-right\"><\/i><\/span>\n\t\t\t\t\t\t\t\t<span class=\"elementor-toggle-icon-opened\"><i class=\"elementor-toggle-icon-opened fas fa-caret-up\"><\/i><\/span>\n\t\t\t\t\t\t\t\t\t\t\t\t\t<\/span>\n\t\t\t\t\t\t\t\t\t\t\t\t<a href=\"\" class=\"elementor-toggle-title\">GRENOBLE - 10\/09\/2022 - Alessandro De Cecco ft. Beno\u00eet Frech<\/a>\n\t\t\t\t\t<\/div>\n\n\t\t\t\t\t<div id=\"elementor-tab-content-1382\" class=\"elementor-tab-content elementor-clearfix\" data-tab=\"2\" role=\"tabpanel\" aria-labelledby=\"elementor-tab-title-1382\"><p>Le musicien et exp\u00e9rimentateur num\u00e9rique et acoustique Alessandro de Cecco ainsi que le plasticien sonore Beno\u00eet Frech s&#8217;associe pour un duo de balades sonores \u00e0 Grenoble\u00a0 le Samedi 10 Septembre 2022 dans le cadre du festival <a href=\"https:\/\/apnees.wordpress.com\/paysages-composes-2022\/\">PAYSAGES | COMPOSES<\/a> propos\u00e9 par le collectif A.P.N.E.E.S.<br \/><br \/>Tous deux explorent les possibilit\u00e9s d&#8217;une \u00e9coute augment\u00e9e par l&#8217;utilisation des microphones mais dans deux directions fort diff\u00e9rentes.\u00a0<\/p><p class=\"has-text-align-justify\">Alessandro nous proposera une <strong>promenade sonore augment\u00e9e\u00a0<\/strong>et\u00a0<strong>g\u00e9olocalis\u00e9e<\/strong> intitul\u00e9e &#8220;<a href=\"https:\/\/apnees.wordpress.com\/paysages-decales\/\">PAYSAGE | DECALE<\/a>&#8221; qui interroge nos rapports \u00e0 des lieux familiers, \u00e0 leur histoire et leur temporalit\u00e9 vis-\u00e0-vis du ph\u00e9nom\u00e8ne sonore. Sons environnementaux directs, sons enregistr\u00e9s, sons compos\u00e9s se m\u00e9langent, se superposent dans un processus de\u00a0<strong>stratification<\/strong>\u00a0m\u00e9di\u00e9 par l\u2019outil technologique et par l\u2019exploration de multiples postures d\u2019\u00e9coute.<\/p><p>Beno\u00eet nous transportera dans une adaptation semi-urbaine de ses balades foresti\u00e8res : \u00ab \u00a0\u00c0 l\u2019\u00e9coute de la ville \u00bb. \u00c9quip\u00e9s de casque, <strong>le public \u00e9coute \u00ab respirer \u00bb la ville gr\u00e2ce aux micros plac\u00e9s par le guide<\/strong> de fa\u00e7on al\u00e9atoire tout au long du cheminement de la balade. La ville, tout comme la Nature, respire &#8211; vibre &#8211; au rythme de la soci\u00e9t\u00e9. Un \u00e9change sur\u00a0 Nature qui vit \u00e0 son rythme et ville qui vit au rythme de l\u2019Homme est pr\u00e9vu\u2026<\/p><p><span style=\"text-decoration: underline;\">Lieu<\/span> : Grenoble &#8211; Jardin de Ville \/\u00a0<\/p><p><span style=\"text-decoration: underline;\">Tarif<\/span> : 5\u20ac \/ participant dans le cadre du festival\u00a0<\/p><p><span style=\"text-decoration: underline;\">Date et horaires<\/span> : Samedi 10 septembre 2022<br \/><em>D\u00e9part \u00e0 10H au Jardin de Ville<br \/>Balades de 1H30 <br \/>Discussion \u00e0 12H au <a href=\"http:\/\/le-ciel.fr\/\">Ciel<\/a> (2 rue du G\u00e9n\u00e9ral Marchand, 10 min \u00e0 pied)<\/em><\/p><p><span style=\"text-decoration: underline;\">Inscriptions<\/span> :\u00a0<em>Pas d&#8217;inscription\u00a0<\/em><u><\/u><\/p><p>Plus de<a href=\"https:\/\/apnees.wordpress.com\/paysages-decales\/\"> d\u00e9tails ici<\/a><\/p><\/div>\n\t\t\t\t<\/div>\n\t\t\t\t\t\t\t<div class=\"elementor-toggle-item\">\n\t\t\t\t\t<div id=\"elementor-tab-title-1383\" class=\"elementor-tab-title\" data-tab=\"3\" role=\"tab\" aria-controls=\"elementor-tab-content-1383\" aria-expanded=\"false\">\n\t\t\t\t\t\t\t\t\t\t\t\t<span class=\"elementor-toggle-icon elementor-toggle-icon-left\" aria-hidden=\"true\">\n\t\t\t\t\t\t\t\t\t\t\t\t\t\t\t<span class=\"elementor-toggle-icon-closed\"><i class=\"fas fa-caret-right\"><\/i><\/span>\n\t\t\t\t\t\t\t\t<span class=\"elementor-toggle-icon-opened\"><i class=\"elementor-toggle-icon-opened fas fa-caret-up\"><\/i><\/span>\n\t\t\t\t\t\t\t\t\t\t\t\t\t<\/span>\n\t\t\t\t\t\t\t\t\t\t\t\t<a href=\"\" class=\"elementor-toggle-title\">PARIS - 21\/01\/2023 - Juliette Volcler ft. Makis Solomos<\/a>\n\t\t\t\t\t<\/div>\n\n\t\t\t\t\t<div id=\"elementor-tab-content-1383\" class=\"elementor-tab-content elementor-clearfix\" data-tab=\"3\" role=\"tabpanel\" aria-labelledby=\"elementor-tab-title-1383\"><p>Dans le cadre de <a href=\"https:\/\/www.lasemaineduson.org\/\">la Semaine du Son 2023<\/a> la tourn\u00e9e des balades sonores passera par Paris, en collaboration avec la <a href=\"https:\/\/philharmoniedeparis.fr\/fr\">Philharmonie de Paris<\/a>, le <a href=\"https:\/\/shakirail.curry-vavart.com\/\">Shakirail<\/a> et le <a href=\"https:\/\/graine-idf.org\/\">GRAINE Ile -de-France<\/a>, en invitant pour l&#8217;occasion <a href=\"https:\/\/musidanse.univ-paris8.fr\/makis-solomos\">Makis Solomos<\/a> et <a href=\"http:\/\/syntone.fr\/author\/_juliette-volcler\/\">Juliette Volcler<\/a>, tou-te-s deux artistes-chercheurs \u00e0 collaborer pour proposer une balade sonore en duo sur le th\u00e8me <b>&#8220;<\/b><b><i>Paysages sonores et \u00e9cologies militantes: Quelles synergies ?<\/i><\/b><b>&#8220;<\/b>.<\/p><p>La balade sonore se tiendra \u00e0 La Villette (Paris 19e) et sera directement suivie par une discussion p\u00e9dagogique accueillie \u00e0 la Philharmonie.\u00a0<\/p><p>La soir\u00e9e se poursuivra avec une table-ronde &#8220;invers\u00e9e&#8221; au <a href=\"https:\/\/shakirail.curry-vavart.com\/\">Shakirail<\/a> de 18H30 \u00e0 20H (Bar sur place &#8211; Pas de restauration) sur le m\u00eame th\u00e8me. Nous y croiseront \u00e9coutes, r\u00e9actions et expertises dans un climat convivial et participatif ! \ud83d\ude42\u00a0<\/p><p>D&#8217;autre \u00e9v\u00e8nements pr\u00e9c\u00e8dent et suivent cet \u00e9v\u00e8nement dans le cadre d&#8217;une semaine du son &#8220;paysage sonore&#8221; notamment \u00e0 Lyon. Programme ici : <a href=\"http:\/\/pepason.fr\/?page_id=1916\">LIEN<\/a><\/p><p><span style=\"text-decoration: underline;\">Balade sonore<\/span> : (14H &#8211; 17H)\u00a0 Paris &#8211; La Villette\u00a0\u00a0<\/p><p><span style=\"text-decoration: underline;\">Conf\u00e9rence table-ronde<\/span> : (18H30 &#8211; 20H) Le <a href=\"https:\/\/shakirail.curry-vavart.com\/\">Shakirail <\/a>&#8211; Paris 18e\u00a0<\/p><p><span style=\"text-decoration: underline;\">Date et horaires<\/span> : Samedi 21 janvier 2023<\/p><p><span style=\"text-decoration: underline;\">Inscriptions<\/span> :<\/p><ul><li>Pour la balade sonore<em> :<\/em> E<em>nvoyez un mail \u00e0 &#8220;pepason[point]asso [at]gmail[point]com&#8221;<\/em><\/li><li>Pour la conf\u00e9rence : <em>Acc\u00e8s libre &#8211; Prix libre\u00a0<\/em><\/li><\/ul><\/div>\n\t\t\t\t<\/div>\n\t\t\t\t\t\t\t<div class=\"elementor-toggle-item\">\n\t\t\t\t\t<div id=\"elementor-tab-title-1384\" class=\"elementor-tab-title\" data-tab=\"4\" role=\"tab\" aria-controls=\"elementor-tab-content-1384\" aria-expanded=\"false\">\n\t\t\t\t\t\t\t\t\t\t\t\t<span class=\"elementor-toggle-icon elementor-toggle-icon-left\" aria-hidden=\"true\">\n\t\t\t\t\t\t\t\t\t\t\t\t\t\t\t<span class=\"elementor-toggle-icon-closed\"><i class=\"fas fa-caret-right\"><\/i><\/span>\n\t\t\t\t\t\t\t\t<span class=\"elementor-toggle-icon-opened\"><i class=\"elementor-toggle-icon-opened fas fa-caret-up\"><\/i><\/span>\n\t\t\t\t\t\t\t\t\t\t\t\t\t<\/span>\n\t\t\t\t\t\t\t\t\t\t\t\t<a href=\"\" class=\"elementor-toggle-title\">MARSEILLE - 14\/04\/2023 - Caroline Bo\u00eb ft. X Pascal Messaoudi<\/a>\n\t\t\t\t\t<\/div>\n\n\t\t\t\t\t<div id=\"elementor-tab-content-1384\" class=\"elementor-tab-content elementor-clearfix\" data-tab=\"4\" role=\"tabpanel\" aria-labelledby=\"elementor-tab-title-1384\"><p>Les artistes-marcheurs-\u00e9coutants <a href=\"https:\/\/carolineboe.fr\/\">Caroline Bo\u00eb<\/a> et <a href=\"https:\/\/marsactu.fr\/author\/pascalmessaoudi\/\">Pascal Messaoudi<\/a> s&#8217;associent pour proposer en partenariat avec le <a href=\"https:\/\/www.grainepaca.org\/\">GRAINE PACA<\/a> une balade sonore autour de l&#8217;\u00e9tang de Berre croisant pollution sonore de faible intensit\u00e9 et docu-fiction in-situ.<\/p><p>Lieu : Istres (13)<\/p><p>Date et horaires : Avril 2023<\/p><p>Inscriptions :\u00a0<em>A venir<\/em><\/p><\/div>\n\t\t\t\t<\/div>\n\t\t\t\t\t\t\t<div class=\"elementor-toggle-item\">\n\t\t\t\t\t<div id=\"elementor-tab-title-1385\" class=\"elementor-tab-title\" data-tab=\"5\" role=\"tab\" aria-controls=\"elementor-tab-content-1385\" aria-expanded=\"false\">\n\t\t\t\t\t\t\t\t\t\t\t\t<span class=\"elementor-toggle-icon elementor-toggle-icon-left\" aria-hidden=\"true\">\n\t\t\t\t\t\t\t\t\t\t\t\t\t\t\t<span class=\"elementor-toggle-icon-closed\"><i class=\"fas fa-caret-right\"><\/i><\/span>\n\t\t\t\t\t\t\t\t<span class=\"elementor-toggle-icon-opened\"><i class=\"elementor-toggle-icon-opened fas fa-caret-up\"><\/i><\/span>\n\t\t\t\t\t\t\t\t\t\t\t\t\t<\/span>\n\t\t\t\t\t\t\t\t\t\t\t\t<a href=\"\" class=\"elementor-toggle-title\">PARIS -  31\/05\/2023 - Boris Shershenkov<\/a>\n\t\t\t\t\t<\/div>\n\n\t\t\t\t\t<div id=\"elementor-tab-content-1385\" class=\"elementor-tab-content elementor-clearfix\" data-tab=\"5\" role=\"tabpanel\" aria-labelledby=\"elementor-tab-title-1385\"><\/div>\n\t\t\t\t<\/div>\n\t\t\t\t\t\t\t<div class=\"elementor-toggle-item\">\n\t\t\t\t\t<div id=\"elementor-tab-title-1386\" class=\"elementor-tab-title\" data-tab=\"6\" role=\"tab\" aria-controls=\"elementor-tab-content-1386\" aria-expanded=\"false\">\n\t\t\t\t\t\t\t\t\t\t\t\t<span class=\"elementor-toggle-icon elementor-toggle-icon-left\" aria-hidden=\"true\">\n\t\t\t\t\t\t\t\t\t\t\t\t\t\t\t<span class=\"elementor-toggle-icon-closed\"><i class=\"fas fa-caret-right\"><\/i><\/span>\n\t\t\t\t\t\t\t\t<span class=\"elementor-toggle-icon-opened\"><i class=\"elementor-toggle-icon-opened fas fa-caret-up\"><\/i><\/span>\n\t\t\t\t\t\t\t\t\t\t\t\t\t<\/span>\n\t\t\t\t\t\t\t\t\t\t\t\t<a href=\"\" class=\"elementor-toggle-title\">GRENOBLE - 11.09.2023 - JuL McOISANS (CRESSON) et une s\u00e9rie de partitions<\/a>\n\t\t\t\t\t<\/div>\n\n\t\t\t\t\t<div id=\"elementor-tab-content-1386\" class=\"elementor-tab-content elementor-clearfix\" data-tab=\"6\" role=\"tabpanel\" aria-labelledby=\"elementor-tab-title-1386\"><div dir=\"auto\">\u00c9pisode N\u00b05 de la Tourn\u00e9e de balades sonores \u00e0 Grenoble avec juL McOISANS (AAU CRESSON) et une s\u00e9rie de partitions extraites du recueil &#8220;Walking from scores&#8221; (2022) publi\u00e9 par Elena Biserna ; dans le cadre du festival PAYSAGES | COMPOSES de l&#8217;association <a class=\"x1i10hfl xjbqb8w x6umtig x1b1mbwd xaqea5y xav7gou x9f619 x1ypdohk xt0psk2 xe8uvvx xdj266r x11i5rnm xat24cr x1mh8g0r xexx8yu x4uap5 x18d9i69 xkhd6sd x16tdsg8 x1hl2dhg xggy1nq x1a2a7pz xt0b8zv x1qq9wsj xo1l8bm\" tabindex=\"0\" role=\"link\" href=\"https:\/\/www.facebook.com\/apnees.asso?__cft__[0]=AZXtJ7P1FJ9ymJMmhEGA538jucS0f9jjUNqdbw7po9Nl_nORaYckp9lZDaiKhRiJRGSRLdVDE4cUtHQhrtQuXDjbYaqtBibWBWZpWehgoDUWfee-TsihmkozH5xfCPjvxNteSlY49s5_PC-oK7IxgCaV3zVCUnKH0qvldSPQP0cLFC4pI8pBwJKrPesYOrU81bc&amp;__tn__=-]K-R\"><span class=\"xt0psk2\">A P N \u00c9 E S<\/span><\/a><\/div><div dir=\"auto\">\u00a0<\/div><div dir=\"auto\"><div dir=\"auto\">Lien \u00e9v\u00e8nement initial et infos : <a class=\"x1i10hfl xjbqb8w x6umtig x1b1mbwd xaqea5y xav7gou x9f619 x1ypdohk xt0psk2 xe8uvvx xdj266r x11i5rnm xat24cr x1mh8g0r xexx8yu x4uap5 x18d9i69 xkhd6sd x16tdsg8 x1hl2dhg xggy1nq x1a2a7pz xt0b8zv x1fey0fg\" tabindex=\"0\" role=\"link\" href=\"https:\/\/apnees.wordpress.com\/paysages-composes-2023\/?fbclid=IwAR1p5FoeZO8-iDd4Chh0oZtznrvockFgNWmSMFNJsPZdKBUuCdN6j1Dlsjc#programme\" target=\"_blank\" rel=\"nofollow noopener noreferrer\">https:\/\/apnees.wordpress.com\/paysages-composes-2023\/&#8230;<\/a><\/div><div dir=\"auto\">\u00a0<\/div><\/div><div dir=\"auto\">Exp\u00e9rimentation en duo d&#8217;\u00e9coute du &#8220;parcours comment\u00e9&#8221; comme m\u00e9thode d&#8217;\u00e9tude sensible des ambiances et milieux avec juL McOISANS (Laboratoire AAU CRESSON) \/\/ Interpr\u00e9tations collectives et individuelles de partitions et protocoles d&#8217;\u00e9coutes rassembl\u00e9s par Elena Biserna dans l&#8217;ouvrage &#8220;Walking from scores&#8221; (2022).<\/div><div dir=\"auto\">\u00a0<\/div><div dir=\"auto\">juL McOisans fait parti de l&#8217;\u00e9quipe CRESSON (Centre de Recherche sur l\u2019Espace Sonore et l\u2019environnement urbain) du laboratoire AAU (Ambiances, Architectures, Urbanit\u00e9s). &#8220;Le parcours comment\u00e9&#8221; propose \u00e0 un.e enqu\u00eateur.euse et un.e enqu\u00eat\u00e9.e de collaborer au long d&#8217;un chemin d&#8217;\u00e9coute. Tandis que l&#8217;enqu\u00eateur.euse sugg\u00e8re des points d&#8217;attention et trajets, l&#8217;enqu\u00eat\u00e9.e d\u00e9crit abondamment ses sensations et comment le monde se pr\u00e9sente \u00e0 lui.elle.<\/div><div dir=\"auto\">Profil AAU : <a class=\"x1i10hfl xjbqb8w x6umtig x1b1mbwd xaqea5y xav7gou x9f619 x1ypdohk xt0psk2 xe8uvvx xdj266r x11i5rnm xat24cr x1mh8g0r xexx8yu x4uap5 x18d9i69 xkhd6sd x16tdsg8 x1hl2dhg xggy1nq x1a2a7pz xt0b8zv x1fey0fg\" tabindex=\"0\" role=\"link\" href=\"https:\/\/l.facebook.com\/l.php?u=https%3A%2F%2Faau.archi.fr%2Fequipe%2Fmcoisans-jul%2F%3Ffbclid%3DIwAR2eWMgkLSuVOs5WXFl564PoGUP2893ZNIu2GPSgKF3NjU-jK9vzKxWSm14&amp;h=AT2n0fe9WNksbn9LUU34EYnbAc65uIBZUQz-YD8AfC1t5ZopknH7r3rJUcmhcCdYzDXJwoIi4Ff3tgPIfW5QN0o7s9_TloVcU50KNemqq88K5TPXmojZl1smVUNXkBS1AQ&amp;__tn__=-UK-R&amp;c[0]=AT12h5YfgAp6_NamnpPbEhw1hkV_V7cbWyh5mV8PALD5rWc9TTNZForc2CmUIhBXGaWewhrknXtufYR2kHOc-57WLBfwrDrhXp_h1T5efB1XIiq_WnwonGVPEnm7L0wH98-mhx2i5XtMqc9CjpojrUByxSMSoMB1TMnM5oqzWo8h3LqhEbMCrLMJZij4imeCXxp23JloeuVr\" target=\"_blank\" rel=\"nofollow noopener noreferrer\">https:\/\/aau.archi.fr\/equipe\/mcoisans-jul\/<\/a><\/div><div dir=\"auto\">R\u00e9f\u00e9rence parcours comment\u00e9 : Jean-Paul Thibaud. Les parcours comment\u00e9s. Mich\u00e8le Grosjean and Jean-Paul Thibaud. L&#8217;espace urbain en m\u00e9thodes, Editions Parenth\u00e8ses, pp. 79-99, 2001. \u27e8hal-01879812\u27e9.<\/div><div dir=\"auto\">\u00a0<\/div><div dir=\"auto\">Le recueil &#8220;Walking from scores&#8221; (2022) de Elena Biserna rassemble des partitions i.e. des formalisations graphiques\/textuelles de protocoles et d\u00e9marches, de d\u00e9ambulations et d&#8217;\u00e9coutes. Nous avons s\u00e9lectionn\u00e9 pour cet \u00e9v\u00e8nement 4 partitions dont 3 pu \u00eatre interpr\u00e9t\u00e9es.<\/div><div dir=\"auto\">Ouvrage : <a class=\"x1i10hfl xjbqb8w x6umtig x1b1mbwd xaqea5y xav7gou x9f619 x1ypdohk xt0psk2 xe8uvvx xdj266r x11i5rnm xat24cr x1mh8g0r xexx8yu x4uap5 x18d9i69 xkhd6sd x16tdsg8 x1hl2dhg xggy1nq x1a2a7pz xt0b8zv x1fey0fg\" tabindex=\"0\" role=\"link\" href=\"https:\/\/www.lespressesdureel.com\/ouvrage.php?id=9429&amp;menu=0&amp;fbclid=IwAR2r3rrTVefEZ_9oh7eTxzdCEQjxqh10cKyqHNeimAzkKmYwq995m5oLSCI\" target=\"_blank\" rel=\"nofollow noopener noreferrer\">https:\/\/www.lespressesdureel.com\/ouvrage.php?id=9429&amp;menu=0<\/a><\/div><div dir=\"auto\">Liste des partitions extraites (dans l&#8217;ordre d&#8217;interpr\u00e9tation) :<\/div><div dir=\"auto\">&#8211; Stephen Chase (2011). La-la-la Walk (p. 238)<\/div><div dir=\"auto\">&#8211; Peter Ablinger (1993). Blanc\/Blanch\u00e2tre 9, chemins (p. 228)<\/div><div dir=\"auto\">&#8211; David Helbich (2013). La danse du ventilateur (p. 290) &#8211; R\u00e9alis\u00e9e devant une fontaine<\/div><div dir=\"auto\">&#8211; Franziska Windisch (2020). blind fold [a-b] (p.352)<\/div><div dir=\"auto\">\u00a0<\/div><div dir=\"auto\">Ev\u00e8nement construit en collaboration et co-produit avec l&#8217;association <a class=\"x1i10hfl xjbqb8w x6umtig x1b1mbwd xaqea5y xav7gou x9f619 x1ypdohk xt0psk2 xe8uvvx xdj266r x11i5rnm xat24cr x1mh8g0r xexx8yu x4uap5 x18d9i69 xkhd6sd x16tdsg8 x1hl2dhg xggy1nq x1a2a7pz xt0b8zv x1qq9wsj xo1l8bm\" tabindex=\"0\" role=\"link\" href=\"https:\/\/www.facebook.com\/apnees.asso?__cft__[0]=AZXtJ7P1FJ9ymJMmhEGA538jucS0f9jjUNqdbw7po9Nl_nORaYckp9lZDaiKhRiJRGSRLdVDE4cUtHQhrtQuXDjbYaqtBibWBWZpWehgoDUWfee-TsihmkozH5xfCPjvxNteSlY49s5_PC-oK7IxgCaV3zVCUnKH0qvldSPQP0cLFC4pI8pBwJKrPesYOrU81bc&amp;__tn__=-]K-R\"><span class=\"xt0psk2\">A P N \u00c9 E S<\/span><\/a> et l&#8217;Acir\u00e8ne. Ev\u00e8nement anim\u00e9 par C\u00e9cile Regnault et Arthur Enguehard.<\/div><\/div>\n\t\t\t\t<\/div>\n\t\t\t\t\t\t\t<div class=\"elementor-toggle-item\">\n\t\t\t\t\t<div id=\"elementor-tab-title-1387\" class=\"elementor-tab-title\" data-tab=\"7\" role=\"tab\" aria-controls=\"elementor-tab-content-1387\" aria-expanded=\"false\">\n\t\t\t\t\t\t\t\t\t\t\t\t<span class=\"elementor-toggle-icon elementor-toggle-icon-left\" aria-hidden=\"true\">\n\t\t\t\t\t\t\t\t\t\t\t\t\t\t\t<span class=\"elementor-toggle-icon-closed\"><i class=\"fas fa-caret-right\"><\/i><\/span>\n\t\t\t\t\t\t\t\t<span class=\"elementor-toggle-icon-opened\"><i class=\"elementor-toggle-icon-opened fas fa-caret-up\"><\/i><\/span>\n\t\t\t\t\t\t\t\t\t\t\t\t\t<\/span>\n\t\t\t\t\t\t\t\t\t\t\t\t<a href=\"\" class=\"elementor-toggle-title\">PARIS - 14.10.2023 - Iga Vandenhove & Jordan Thieblot ft. tandem BaTTTrip (Antoine Chaumeil & Paul Laumonier)<\/a>\n\t\t\t\t\t<\/div>\n\n\t\t\t\t\t<div id=\"elementor-tab-content-1387\" class=\"elementor-tab-content elementor-clearfix\" data-tab=\"7\" role=\"tabpanel\" aria-labelledby=\"elementor-tab-title-1387\"><p>Ev\u00e8nement organis\u00e9 dans le cadre de la <a href=\"https:\/\/www.fetedelascience.fr\/\">F\u00eate de la Science 2023<\/a> avec le soutien de l&#8217;<a href=\"https:\/\/psl.eu\/\">Universit\u00e9 Paris Sciences et Lettres<\/a><\/p><p>Parc de la Villette (14H-16H) &#8211; <a href=\"https:\/\/www.igavandenhove.com\/\">Iga Vandenhove<\/a> et Jordan Thieblot nous proposent en duo une d\u00e9ambulation sensible et po\u00e9tique m\u00ealant arts et sciences \u00e0 l&#8217;\u00e9coute de la ville comme corps urbain. Routes, parcs, canaux et jardins seront auscult\u00e9s tour \u00e0 tour tels des organes \u00e0 l&#8217;aide de divers microphones et st\u00e9thoscopes, r\u00e9v\u00e9lant les rythmes et paysages int\u00e9rieurs des mat\u00e9riaux qu&#8217;on pensait muet dans notre quotidien.<\/p><p>Petite ceinture du 14e arrondissement (18H-20H)\u00a0 &#8211; A la nuit tombante, l\u2019attente, le silence. A la nuit tomb\u00e9e, la symphonie, le ballet. Cette rencontre in\u00e9dite propose de d\u00e9couvrir l\u2019univers invisible et inaudible des chauves-souris. Leur monde cr\u00e9pusculaire sera rendu sensible. Prenez-part \u00e0 la curiosit\u00e9 d\u2019une m\u00e9diation scientifique, puis, \u00e0 celle d\u2019une performance en direct dans laquelle image, son et chiropt\u00e8res \u00e9mergeront de concert. Balade guid\u00e9e par Antoine Chaumeil et Paul Laumonier formant le tandem <a href=\"https:\/\/www.instagram.com\/batttrip\/\">BaTTTrip<\/a><\/p><p><span style=\"text-decoration: underline;\">Tarif<\/span> : Gratuit &#8211; Sur inscription<\/p><\/div>\n\t\t\t\t<\/div>\n\t\t\t\t\t\t\t\t<\/div>\n\t\t\t\t<\/div>\n\t\t\t\t<\/div>\n\t\t\t\t\t\t<\/div>\n\t\t\t\t\t<\/div>\n\t\t<\/div>\n\t\t\t\t\t\t\t\t<\/div>\n\t\t\t\t\t<\/div>\n\t\t<\/section>\n\t\t\t\t<section class=\"elementor-section elementor-top-section elementor-element elementor-element-7b3076e elementor-section-boxed elementor-section-height-default elementor-section-height-default\" data-id=\"7b3076e\" data-element_type=\"section\">\n\t\t\t\t\t\t<div class=\"elementor-container elementor-column-gap-default\">\n\t\t\t\t\t\t\t<div class=\"elementor-row\">\n\t\t\t\t\t<div class=\"elementor-column elementor-col-100 elementor-top-column elementor-element elementor-element-ad8d849\" data-id=\"ad8d849\" data-element_type=\"column\">\n\t\t\t<div class=\"elementor-column-wrap elementor-element-populated\">\n\t\t\t\t\t\t\t<div class=\"elementor-widget-wrap\">\n\t\t\t\t\t\t<div class=\"elementor-element elementor-element-90f920c elementor-widget elementor-widget-heading\" data-id=\"90f920c\" data-element_type=\"widget\" data-widget_type=\"heading.default\">\n\t\t\t\t<div class=\"elementor-widget-container\">\n\t\t\t<h2 class=\"elementor-heading-title elementor-size-default\">Articles de la tourn\u00e9e<\/h2>\t\t<\/div>\n\t\t\t\t<\/div>\n\t\t\t\t<div class=\"elementor-element elementor-element-afafe60 elementor-grid-3 elementor-grid-tablet-2 elementor-grid-mobile-1 elementor-posts--thumbnail-top elementor-widget elementor-widget-posts\" data-id=\"afafe60\" data-element_type=\"widget\" data-settings=\"{&quot;pagination_type&quot;:&quot;numbers_and_prev_next&quot;,&quot;classic_columns&quot;:&quot;3&quot;,&quot;classic_columns_tablet&quot;:&quot;2&quot;,&quot;classic_columns_mobile&quot;:&quot;1&quot;,&quot;classic_row_gap&quot;:{&quot;unit&quot;:&quot;px&quot;,&quot;size&quot;:35,&quot;sizes&quot;:[]},&quot;classic_row_gap_tablet&quot;:{&quot;unit&quot;:&quot;px&quot;,&quot;size&quot;:&quot;&quot;,&quot;sizes&quot;:[]},&quot;classic_row_gap_mobile&quot;:{&quot;unit&quot;:&quot;px&quot;,&quot;size&quot;:&quot;&quot;,&quot;sizes&quot;:[]}}\" data-widget_type=\"posts.classic\">\n\t\t\t\t<div class=\"elementor-widget-container\">\n\t\t\t\t\t<div class=\"elementor-posts-container elementor-posts elementor-posts--skin-classic elementor-grid\">\n\t\t\t\t<article class=\"elementor-post elementor-grid-item post-4085 post type-post status-publish format-standard has-post-thumbnail hentry category-actus category-fanzine_blog tag-tournee-balade\">\n\t\t\t\t<a class=\"elementor-post__thumbnail__link\" href=\"https:\/\/pepason.fr\/?p=4085\" >\n\t\t\t<div class=\"elementor-post__thumbnail\"><img width=\"300\" height=\"225\" src=\"https:\/\/pepason.fr\/wp-content\/uploads\/2023\/07\/IMG_20230414_1545026-300x225.jpg\" class=\"attachment-medium size-medium\" alt=\"\" loading=\"lazy\" \/><\/div>\n\t\t<\/a>\n\t\t\t\t<div class=\"elementor-post__text\">\n\t\t\t\t<h3 class=\"elementor-post__title\">\n\t\t\t<a href=\"https:\/\/pepason.fr\/?p=4085\" >\n\t\t\t\tBalade sonore &#8211; Tourn\u00e9e#4 &#8211; Caroline Bo\u00eb et Pascal Messaoudi (Istres, 10.04.2023)\t\t\t<\/a>\n\t\t<\/h3>\n\t\t\t\t<div class=\"elementor-post__meta-data\">\n\t\t\t\t\t<span class=\"elementor-post-date\">\n\t\t\t9 octobre 2023\t\t<\/span>\n\t\t\t\t<span class=\"elementor-post-avatar\">\n\t\t\tAucun commentaire\t\t<\/span>\n\t\t\t\t<\/div>\n\t\t\t\t<div class=\"elementor-post__excerpt\">\n\t\t\t<p>Le 24 avril 2023 \u00e0 14H nous nous retrouvons au Casino #Hyperfrais d&#8217;Istres (13) en compagnie de deux artistes, Caroline Bo\u00eb et Pascal Messaoudi, pour l&#8217;opus 4 de la tourn\u00e9e des balades sonores organis\u00e9 par PePaSon en collaboration avec le GRAINE Provence-Alpes-C\u00f4te d&#8217;Azur. <\/p>\n\t\t<\/div>\n\t\t\n\t\t<a class=\"elementor-post__read-more\" href=\"https:\/\/pepason.fr\/?p=4085\" >\n\t\t\tLire la suite \u00bb\t\t<\/a>\n\n\t\t\t\t<\/div>\n\t\t\t\t<\/article>\n\t\t\t\t<article class=\"elementor-post elementor-grid-item post-4076 post type-post status-publish format-standard has-post-thumbnail hentry category-actus category-actualites_pepason category-fanzine_blog category-tournee tag-tournee-balade\">\n\t\t\t\t<a class=\"elementor-post__thumbnail__link\" href=\"https:\/\/pepason.fr\/?p=4076\" >\n\t\t\t<div class=\"elementor-post__thumbnail\"><img width=\"300\" height=\"225\" src=\"https:\/\/pepason.fr\/wp-content\/uploads\/2023\/08\/Photo_PePaSon_10092023_BaladeSonore_Alessandro7-300x225.jpg\" class=\"attachment-medium size-medium\" alt=\"\" loading=\"lazy\" \/><\/div>\n\t\t<\/a>\n\t\t\t\t<div class=\"elementor-post__text\">\n\t\t\t\t<h3 class=\"elementor-post__title\">\n\t\t\t<a href=\"https:\/\/pepason.fr\/?p=4076\" >\n\t\t\t\tBalade sonore &#8211; Tourn\u00e9e #2 &#8211; Alessandro De Cecco et Beno\u00eet Frech (Grenoble, 10.09.2022)\t\t\t<\/a>\n\t\t<\/h3>\n\t\t\t\t<div class=\"elementor-post__meta-data\">\n\t\t\t\t\t<span class=\"elementor-post-date\">\n\t\t\t29 juillet 2023\t\t<\/span>\n\t\t\t\t<span class=\"elementor-post-avatar\">\n\t\t\tAucun commentaire\t\t<\/span>\n\t\t\t\t<\/div>\n\t\t\t\t<div class=\"elementor-post__excerpt\">\n\t\t\t<p>Dimanche 10 septembre \u00e0 10H nous avions rendez vous avec Alessandro De Cecco et Beno\u00eet Frech (aka Le Son Fa\u00e7onn\u00e9) \u00e0 Grenoble pour une \u00e9tape de la tourn\u00e9e de balades sonores de PePaSon respectivement intitul\u00e9es &#8220;PAYSAGES | D\u00c9CAL\u00c9S&#8221; et &#8220;A l&#8217;\u00e9coute de la Ville&#8221; dans la cadre du festival PAYSAGES | COMPOS\u00c9S de l&#8217;association APN\u00c9ES.<\/p>\n\t\t<\/div>\n\t\t\n\t\t<a class=\"elementor-post__read-more\" href=\"https:\/\/pepason.fr\/?p=4076\" >\n\t\t\tLire la suite \u00bb\t\t<\/a>\n\n\t\t\t\t<\/div>\n\t\t\t\t<\/article>\n\t\t\t\t<article class=\"elementor-post elementor-grid-item post-3988 post type-post status-publish format-standard has-post-thumbnail hentry category-actus category-fanzine_blog category-tournee tag-tournee-balade\">\n\t\t\t\t<a class=\"elementor-post__thumbnail__link\" href=\"https:\/\/pepason.fr\/?p=3988\" >\n\t\t\t<div class=\"elementor-post__thumbnail\"><img width=\"1\" height=\"1\" src=\"https:\/\/pepason.fr\/wp-content\/uploads\/2023\/06\/20230530_224546_ByPolina-1.jpg\" class=\"attachment-medium size-medium\" alt=\"\" loading=\"lazy\" \/><\/div>\n\t\t<\/a>\n\t\t\t\t<div class=\"elementor-post__text\">\n\t\t\t\t<h3 class=\"elementor-post__title\">\n\t\t\t<a href=\"https:\/\/pepason.fr\/?p=3988\" >\n\t\t\t\tBalade sonore &#8211; A l&#8217;\u00e9coute de la lumi\u00e8re avec Boris Shershenkov (Paris, 30.05.2023)\t\t\t<\/a>\n\t\t<\/h3>\n\t\t\t\t<div class=\"elementor-post__meta-data\">\n\t\t\t\t\t<span class=\"elementor-post-date\">\n\t\t\t2 juin 2023\t\t<\/span>\n\t\t\t\t<span class=\"elementor-post-avatar\">\n\t\t\tAucun commentaire\t\t<\/span>\n\t\t\t\t<\/div>\n\t\t\t\t<div class=\"elementor-post__excerpt\">\n\t\t\t<p>Mardi 30 mai 2023 l&#8217;artiste russe Boris Shershenkov nous emm\u00e8ne dans les rue de Paris autour de la place de la R\u00e9publique, \u00e0 l&#8217;\u00e9coute de la lumi\u00e8re \u00e0 l&#8217;aide de transducteurs DIY dans le cadre de son projet &#8220;Lighthub&#8221;.<\/p>\n\t\t<\/div>\n\t\t\n\t\t<a class=\"elementor-post__read-more\" href=\"https:\/\/pepason.fr\/?p=3988\" >\n\t\t\tLire la suite \u00bb\t\t<\/a>\n\n\t\t\t\t<\/div>\n\t\t\t\t<\/article>\n\t\t\t\t<article class=\"elementor-post elementor-grid-item post-3001 post type-post status-publish format-standard has-post-thumbnail hentry category-fanzine_blog tag-tournee-balade\">\n\t\t\t\t<a class=\"elementor-post__thumbnail__link\" href=\"https:\/\/pepason.fr\/?p=3001\" >\n\t\t\t<div class=\"elementor-post__thumbnail\"><img width=\"300\" height=\"153\" src=\"https:\/\/pepason.fr\/wp-content\/uploads\/2022\/08\/Photo_montage-300x153.png\" class=\"attachment-medium size-medium\" alt=\"\" loading=\"lazy\" \/><\/div>\n\t\t<\/a>\n\t\t\t\t<div class=\"elementor-post__text\">\n\t\t\t\t<h3 class=\"elementor-post__title\">\n\t\t\t<a href=\"https:\/\/pepason.fr\/?p=3001\" >\n\t\t\t\tBalade sonore &#8211; Tourn\u00e9e #1 &#8211; Desartsonnant et Arthur Enguehard\t\t\t<\/a>\n\t\t<\/h3>\n\t\t\t\t<div class=\"elementor-post__meta-data\">\n\t\t\t\t\t<span class=\"elementor-post-date\">\n\t\t\t31 ao\u00fbt 2022\t\t<\/span>\n\t\t\t\t<span class=\"elementor-post-avatar\">\n\t\t\tAucun commentaire\t\t<\/span>\n\t\t\t\t<\/div>\n\t\t\t\t<div class=\"elementor-post__excerpt\">\n\t\t\t<p>Gilles Malatray et Arthur Enguehard s&#8217;associent dans le cadre d&#8217;une premi\u00e8re exp\u00e9rimentation des &#8220;balades sonores en duo&#8221; propos\u00e9es dans le cadre de la &#8220;tourn\u00e9e&#8221; de PePaSon. Une exp\u00e9rience plac\u00e9e sous le signe des oreilles nues, du corps sensible et de l&#8217;installation de l&#8217;\u00e9coute ! <\/p>\n\t\t<\/div>\n\t\t\n\t\t<a class=\"elementor-post__read-more\" href=\"https:\/\/pepason.fr\/?p=3001\" >\n\t\t\tLire la suite \u00bb\t\t<\/a>\n\n\t\t\t\t<\/div>\n\t\t\t\t<\/article>\n\t\t\t\t<\/div>\n\n\n\t\t\n\t\t\t\t<\/div>\n\t\t\t\t<\/div>\n\t\t\t\t\t\t<\/div>\n\t\t\t\t\t<\/div>\n\t\t<\/div>\n\t\t\t\t\t\t\t\t<\/div>\n\t\t\t\t\t<\/div>\n\t\t<\/section>\n\t\t\t\t\t\t\t\t\t<\/div>\n\t\t\t<\/div>\n\t\t\t\t\t<\/div>\n\t\t","protected":false},"excerpt":{"rendered":"<p>Balades sonores Les membres du collectif PePaSon exp\u00e9rimentent pour la plupart, \u00e0 leur mani\u00e8re, la promenade sonore. En tant qu&#8217;association nous souhaitons faire conna\u00eetre ce champs de pratiques et en r\u00e9v\u00e9ler la diversit\u00e9. Pour ce faire nous organisons notamment un festival permanent et nomade intitul\u00e9 : &#8220;La tourn\u00e9e des balades sonores&#8221; Notre protocole est le [&hellip;]<\/p>\n","protected":false},"author":1,"featured_media":2645,"parent":0,"menu_order":0,"comment_status":"closed","ping_status":"closed","template":"","meta":{"_monsterinsights_skip_tracking":false,"_monsterinsights_sitenote_active":false,"_monsterinsights_sitenote_note":"","_monsterinsights_sitenote_category":0,"cybocfi_hide_featured_image":""},"post_mailing_queue_ids":[],"_links":{"self":[{"href":"https:\/\/pepason.fr\/index.php?rest_route=\/wp\/v2\/pages\/2882"}],"collection":[{"href":"https:\/\/pepason.fr\/index.php?rest_route=\/wp\/v2\/pages"}],"about":[{"href":"https:\/\/pepason.fr\/index.php?rest_route=\/wp\/v2\/types\/page"}],"author":[{"embeddable":true,"href":"https:\/\/pepason.fr\/index.php?rest_route=\/wp\/v2\/users\/1"}],"replies":[{"embeddable":true,"href":"https:\/\/pepason.fr\/index.php?rest_route=%2Fwp%2Fv2%2Fcomments&post=2882"}],"version-history":[{"count":46,"href":"https:\/\/pepason.fr\/index.php?rest_route=\/wp\/v2\/pages\/2882\/revisions"}],"predecessor-version":[{"id":4702,"href":"https:\/\/pepason.fr\/index.php?rest_route=\/wp\/v2\/pages\/2882\/revisions\/4702"}],"wp:featuredmedia":[{"embeddable":true,"href":"https:\/\/pepason.fr\/index.php?rest_route=\/wp\/v2\/media\/2645"}],"wp:attachment":[{"href":"https:\/\/pepason.fr\/index.php?rest_route=%2Fwp%2Fv2%2Fmedia&parent=2882"}],"curies":[{"name":"wp","href":"https:\/\/api.w.org\/{rel}","templated":true}]}}